{"id":3698,"date":"2013-04-16T11:27:17","date_gmt":"2013-04-16T09:27:17","guid":{"rendered":"https:\/\/www.textilmuseum.ch\/adresse-et-contact\/"},"modified":"2020-03-30T17:18:35","modified_gmt":"2020-03-30T15:18:35","slug":"adresse-et-contact","status":"publish","type":"page","link":"https:\/\/www.textilmuseum.ch\/fr\/visite\/adresse-et-contact\/","title":{"rendered":"Tours guid\u00e9s"},"content":{"rendered":"<div class=\"l-Gap l-SiteWidth s-down\">\n<section class=\"LeadText \">\n<div class=\"LeadText--lead\">\n<div class=\"LeadText--text\">\n<h1>Tour guid\u00e9s<\/h1>\n<h3>Visites priv\u00e9es<\/h3>\n<p>Organisez une visite priv\u00e9e du Mus\u00e9e du textile&nbsp;! Elles sont propos\u00e9es sur demande en allemand, en anglais et en fran\u00e7ais, et sont \u00e9galement possibles en dehors des heures d\u2019ouverture du mus\u00e9e. Les groupes sont limit\u00e9s \u00e0 25&nbsp;personnes, mais il est possible d\u2019organiser plusieurs visites en m\u00eame temps.<\/p>\n<p><strong>Tarifs<\/strong><br \/>\nLe tarif d\u2019une heure de visite pendant les jours ouvrables entre 10h et 17h est de 120.\u2013 CHF. Pour les visites organis\u00e9es le dimanche et les jours f\u00e9ri\u00e9s ainsi que les visites entre 17h et 19h, un suppl\u00e9ment de 30.\u2013 CHF est appliqu\u00e9. Le tarif des visites organis\u00e9es en soir\u00e9e qui se terminent \u00e0 ou apr\u00e8s 19h30 est de 200.\u2013 CHF. Ces tarifs s\u2019entendent par participant-e en plus du <a href=\"https:\/\/www.textilmuseum.ch\/fr\/visite\/\"><u>billet d\u2019entr\u00e9e au mus\u00e9e<\/u><\/a>. Les visites priv\u00e9es se font uniquement sur r\u00e9servation.<\/p>\n<p>&nbsp;<\/p>\n<h3>Offres compl\u00e9mentaires<\/h3>\n<h3><strong>Visites publiques<\/strong><\/h3>\n<p>Outre les visites priv\u00e9es, nous proposons \u00e9galement r\u00e9guli\u00e8rement des visites d\u2019exposition publiques. Elles sont organis\u00e9es le premier dimanche au mois \u00e0 11h et aucune r\u00e9servation n\u2019est n\u00e9cessaire pour ces visites. Retrouvez les dates de ces visites dans notre <u>calendrier des manifestations.<\/u><\/p>\n<h3><strong>Visites du Tr\u00f6ckneturm (Tour du s\u00e9choir)<\/strong><\/h3>\n<p>Nous organisons sur demande des visites du <a href=\"http:\/\/troeckneturm.ch\/de\/home\">Tr\u00f6ckneturm<\/a>, l\u2019un des plus remarquables t\u00e9moins architecturaux de l\u2019\u00e2ge d\u2019or de l\u2019industrie textile de Suisse. Le tarif de la visite est de 200.\u2013 CHF en plus du billet d\u2019entr\u00e9e. La r\u00e9servation peut \u00eatre effectu\u00e9e aupr\u00e8s du service accueil et r\u00e9servation.<\/p>\n<\/div>\n<h3 class=\"LeadText--text\">Textilland Ostschweiz<\/h3>\n<p class=\"LeadText--text\">La nouvelle application gratuite \u00abTextileStGallen\u00bb s\u00e9duit les visiteurs et les habitants de la ville de tradition textile qu\u2019est Saint- Gall. La forte influence de l\u2019industrie du textile sur la ville et sa r\u00e9gion est expliqu\u00e9e de mani\u00e8re simple et passionnante. Les amateurs de culture et d\u2019architecture qui aimeraient porter sur Saint- Gall un nouveau regard trouveront dans cette application un guide personnel et individuel qui leur permettra de partir \u00e0 la conqu\u00eate de la ville du textile. L\u2019application fonctionne via la localisation GPS et, une fois install\u00e9e, peut aussi \u00eatre utilis\u00e9e hors connexion.<\/p>\n<\/div>\n<\/section>\n<\/div>\n","protected":false},"excerpt":{"rendered":"<p>Tour guid\u00e9s Visites priv\u00e9es Organisez une visite priv\u00e9e du Mus\u00e9e du textile&nbsp;! Elles sont propos\u00e9es sur demande en allemand, en anglais et en fran\u00e7ais, et sont \u00e9galement possibles en dehors des heures d\u2019ouverture du mus\u00e9e. Les groupes sont limit\u00e9s \u00e0 25&nbsp;personnes, mais il est possible d\u2019organiser plusieurs visites en m\u00eame temps. Tarifs Le tarif d\u2019une heure de visite pendant les jours ouvrables entre 10h et 17h est de 120.\u2013 CHF. Pour les visites organis\u00e9es le dimanche et les jours f\u00e9ri\u00e9s ainsi que les visites entre 17h et 19h, un suppl\u00e9ment de 30.\u2013 CHF est appliqu\u00e9. Le tarif des visites organis\u00e9es [&hellip;]<\/p>\n","protected":false},"author":7,"featured_media":12278,"parent":3727,"menu_order":1,"comment_status":"open","ping_status":"open","template":"","meta":{"ngg_post_thumbnail":0,"footnotes":""},"class_list":["post-3698","page","type-page","status-publish","has-post-thumbnail","hentry"],"_links":{"self":[{"href":"https:\/\/www.textilmuseum.ch\/fr\/wp-json\/wp\/v2\/pages\/3698","targetHints":{"allow":["GET"]}}],"collection":[{"href":"https:\/\/www.textilmuseum.ch\/fr\/wp-json\/wp\/v2\/pages"}],"about":[{"href":"https:\/\/www.textilmuseum.ch\/fr\/wp-json\/wp\/v2\/types\/page"}],"author":[{"embeddable":true,"href":"https:\/\/www.textilmuseum.ch\/fr\/wp-json\/wp\/v2\/users\/7"}],"replies":[{"embeddable":true,"href":"https:\/\/www.textilmuseum.ch\/fr\/wp-json\/wp\/v2\/comments?post=3698"}],"version-history":[{"count":17,"href":"https:\/\/www.textilmuseum.ch\/fr\/wp-json\/wp\/v2\/pages\/3698\/revisions"}],"predecessor-version":[{"id":12279,"href":"https:\/\/www.textilmuseum.ch\/fr\/wp-json\/wp\/v2\/pages\/3698\/revisions\/12279"}],"up":[{"embeddable":true,"href":"https:\/\/www.textilmuseum.ch\/fr\/wp-json\/wp\/v2\/pages\/3727"}],"wp:featuredmedia":[{"embeddable":true,"href":"https:\/\/www.textilmuseum.ch\/fr\/wp-json\/wp\/v2\/media\/12278"}],"wp:attachment":[{"href":"https:\/\/www.textilmuseum.ch\/fr\/wp-json\/wp\/v2\/media?parent=3698"}],"curies":[{"name":"wp","href":"https:\/\/api.w.org\/{rel}","templated":true}]}}